{"id":33,"date":"2023-12-06T17:37:04","date_gmt":"2023-12-06T16:37:04","guid":{"rendered":"https:\/\/aleamipianoduo.com\/?post_type=tribe_events&#038;p=33"},"modified":"2024-03-26T23:22:01","modified_gmt":"2024-03-26T22:22:01","slug":"luslawice-polska","status":"publish","type":"tribe_events","link":"http:\/\/aleamipianoduo.com\/?tribe_events=luslawice-polska","title":{"rendered":"Lus\u0142awice \/ PL | Europejskie Centrum Muzyki Krzysztofa Pendereckiego"},"content":{"rendered":"\n<p>Festiwal Duettissimo &#8211; Koncert Inauguracyjny<\/p>\n\n\n<div  class=\"tribe-events-schedule tribe-clearfix\" >\n\t<p class=\"tribe-events-schedule__datetime\">\n\t\t<span class=\"tribe-events-schedule__date tribe-events-schedule__date--start\">\n\t\t\t6 kwietnia, 2024\t\t<\/span>\n\n\t\t\t\t\t<span class=\"tribe-events-schedule__all-day\">Ca\u0142y dzie\u0144<\/span>\n\t\t\n\t\t\t<\/p>\n<\/div>\n\n\n\n\n\t<div  class=\"tribe-block tribe-block__events-link\" >\n\t\t<div class=\"tribe-events tribe-common\">\n\t\t\t<div class=\"tribe-events-c-subscribe-dropdown__container\">\n\t\t\t\t<div class=\"tribe-events-c-subscribe-dropdown\">\n\t\t\t\t\t<div class=\"tribe-common-c-btn-border tribe-events-c-subscribe-dropdown__button\">\n\t\t\t\t\t\t<svg\n\t class=\"tribe-common-c-svgicon tribe-common-c-svgicon--cal-export tribe-events-c-subscribe-dropdown__export-icon\" \taria-hidden=\"true\"\n\tviewBox=\"0 0 23 17\"\n\txmlns=\"http:\/\/www.w3.org\/2000\/svg\"\n>\n\t<path fill-rule=\"evenodd\" clip-rule=\"evenodd\" d=\"M.128.896V16.13c0 .211.145.383.323.383h15.354c.179 0 .323-.172.323-.383V.896c0-.212-.144-.383-.323-.383H.451C.273.513.128.684.128.896Zm16 6.742h-.901V4.679H1.009v10.729h14.218v-3.336h.901V7.638ZM1.01 1.614h14.218v2.058H1.009V1.614Z\" \/>\n\t<path d=\"M20.5 9.846H8.312M18.524 6.953l2.89 2.909-2.855 2.855\" stroke-width=\"1.2\" stroke-linecap=\"round\" stroke-linejoin=\"round\"\/>\n<\/svg>\n\t\t\t\t\t\t<button\n\t\t\t\t\t\t\tclass=\"tribe-events-c-subscribe-dropdown__button-text\"\n\t\t\t\t\t\t\taria-expanded=\"false\"\n\t\t\t\t\t\t\taria-controls=\"tribe-events-subscribe-dropdown-content\"\n\t\t\t\t\t\t\taria-label=\"Wy\u015bwietl linki do dodawania wydarze\u0144 do kalendarza\"\n\t\t\t\t\t\t>\n\t\t\t\t\t\t\tDodaj do kalendarza\t\t\t\t\t\t<\/button>\n\t\t\t\t\t\t<svg\n\t class=\"tribe-common-c-svgicon tribe-common-c-svgicon--caret-down tribe-events-c-subscribe-dropdown__button-icon\" \taria-hidden=\"true\"\n\tviewBox=\"0 0 10 7\"\n\txmlns=\"http:\/\/www.w3.org\/2000\/svg\"\n>\n\t<path fill-rule=\"evenodd\" clip-rule=\"evenodd\" d=\"M1.008.609L5 4.6 8.992.61l.958.958L5 6.517.05 1.566l.958-.958z\" class=\"tribe-common-c-svgicon__svg-fill\"\/>\n<\/svg>\n\t\t\t\t\t<\/div>\n\t\t\t\t\t<div id=\"tribe-events-subscribe-dropdown-content\" class=\"tribe-events-c-subscribe-dropdown__content\">\n\t\t\t\t\t\t<ul class=\"tribe-events-c-subscribe-dropdown__list\">\n\t\t\t\t\t\t\t\t\t\t\t\t\t\t\t<li class=\"tribe-events-c-subscribe-dropdown__list-item tribe-events-c-subscribe-dropdown__list-item--gcal\">\n\t\t\t\t\t\t\t\t\t<a\n\t\t\t\t\t\t\t\t\t\thref=\"https:\/\/www.google.com\/calendar\/event?action=TEMPLATE&#038;dates=20240406T000000\/20240406T235959&#038;text=Lus%C5%82awice%20%2F%20PL%20%7C%20Europejskie%20Centrum%20Muzyki%20Krzysztofa%20Pendereckiego&#038;details=%3Cp%3EFestiwal+Duettissimo+-+Koncert+Inauguracyjny%3C%2Fp%3E+&#038;location=Lus\u0142awice,%20Lus\u0142awice%20250,%20Lus\u0142awice,%2032-840,%20Poland&#038;trp=false&#038;ctz=Europe\/Warsaw&#038;sprop=website:http:\/\/aleamipianoduo.com\"\n\t\t\t\t\t\t\t\t\t\tclass=\"tribe-events-c-subscribe-dropdown__list-item-link\"\n\t\t\t\t\t\t\t\t\t\ttarget=\"_blank\"\n\t\t\t\t\t\t\t\t\t\trel=\"noopener noreferrer nofollow noindex\"\n\t\t\t\t\t\t\t\t\t>\n\t\t\t\t\t\t\t\t\t\tKalendarz Google\t\t\t\t\t\t\t\t\t<\/a>\n\t\t\t\t\t\t\t\t<\/li>\n\t\t\t\t\t\t\t\t\t\t\t\t\t\t\t<li class=\"tribe-events-c-subscribe-dropdown__list-item tribe-events-c-subscribe-dropdown__list-item--ical\">\n\t\t\t\t\t\t\t\t\t<a\n\t\t\t\t\t\t\t\t\t\thref=\"\"\n\t\t\t\t\t\t\t\t\t\tclass=\"tribe-events-c-subscribe-dropdown__list-item-link\"\n\t\t\t\t\t\t\t\t\t\ttarget=\"_blank\"\n\t\t\t\t\t\t\t\t\t\trel=\"noopener noreferrer nofollow noindex\"\n\t\t\t\t\t\t\t\t\t>\n\t\t\t\t\t\t\t\t\t\tiKalendarz\t\t\t\t\t\t\t\t\t<\/a>\n\t\t\t\t\t\t\t\t<\/li>\n\t\t\t\t\t\t\t\t\t\t\t\t\t\t\t<li class=\"tribe-events-c-subscribe-dropdown__list-item tribe-events-c-subscribe-dropdown__list-item--outlook-365\">\n\t\t\t\t\t\t\t\t\t<a\n\t\t\t\t\t\t\t\t\t\thref=\"\"\n\t\t\t\t\t\t\t\t\t\tclass=\"tribe-events-c-subscribe-dropdown__list-item-link\"\n\t\t\t\t\t\t\t\t\t\ttarget=\"_blank\"\n\t\t\t\t\t\t\t\t\t\trel=\"noopener noreferrer nofollow noindex\"\n\t\t\t\t\t\t\t\t\t>\n\t\t\t\t\t\t\t\t\t\tOutlook 365\t\t\t\t\t\t\t\t\t<\/a>\n\t\t\t\t\t\t\t\t<\/li>\n\t\t\t\t\t\t\t\t\t\t\t\t\t\t\t<li class=\"tribe-events-c-subscribe-dropdown__list-item tribe-events-c-subscribe-dropdown__list-item--outlook-live\">\n\t\t\t\t\t\t\t\t\t<a\n\t\t\t\t\t\t\t\t\t\thref=\"\"\n\t\t\t\t\t\t\t\t\t\tclass=\"tribe-events-c-subscribe-dropdown__list-item-link\"\n\t\t\t\t\t\t\t\t\t\ttarget=\"_blank\"\n\t\t\t\t\t\t\t\t\t\trel=\"noopener noreferrer nofollow noindex\"\n\t\t\t\t\t\t\t\t\t>\n\t\t\t\t\t\t\t\t\t\tOutlook na \u017cywo\t\t\t\t\t\t\t\t\t<\/a>\n\t\t\t\t\t\t\t\t<\/li>\n\t\t\t\t\t\t\t\t\t\t\t\t\t<\/ul>\n\t\t\t\t\t<\/div>\n\t\t\t\t<\/div>\n\t\t\t<\/div>\n\t\t<\/div>\n\t<\/div>\n\n\n\n<div  class=\"tribe-events-single-section tribe-events-event-meta primary tribe-clearfix\" >\n\t\n\t\n<div class=\"tribe-events-meta-group tribe-events-meta-group-details\">\n\t<h3 class=\"tribe-events-single-section-title\">\n\t\t\t\t\tSzczeg\u00f3\u0142y\t\t\n\t<\/h3>\n\t<ul class=\"tribe-events-meta-list\">\n\n\t\t\n\t\t\t<li class=\"tribe-events-meta-item\">\n\t\t\t\t<span class=\"tribe-events-meta-label\">Data:<\/span>\n\t\t\t\t<span class=\"tribe-events-meta-value\">\n\t\t\t\t\t<abbr class=\"tribe-events-abbr tribe-events-start-datetime published dtstart\" title=\"2024-04-06\"> 6 kwietnia, 2024 <\/abbr>\n\t\t\t\t<\/span>\n\t\t\t<\/li>\n\n\t\t\n\t\t\n\t\t\n\t\t\n\t\t\n\t\t\n\t\t\t<\/ul>\n<\/div>\n\t\n\t<\/div>\n\n\n<div  class=\"tribe-block tribe-block__venue tribe-clearfix tribe-block__venue--has-map\" >\n\t\n\t\n<div class=\"tribe-block__venue__meta\">\n\t<div class=\"tribe-block__venue__name\">\n\t\t<h3>Lus\u0142awice<\/h3>\n\t<\/div>\n\n\t\n\t\t\t\t\t\t<address class=\"tribe-block__venue__address\">\n\t\t\t\t<span class=\"tribe-address\">\n\n<span class=\"tribe-street-address\">Lus\u0142awice 250<\/span>\n\t\n\t\t<br>\n\t\t<span class=\"tribe-locality\">Lus\u0142awice<\/span><span class=\"tribe-delimiter\">,<\/span>\n\n\n\t<span class=\"tribe-postal-code\">32-840<\/span>\n\n\t<span class=\"tribe-country-name\">Poland<\/span>\n\n<\/span>\n\n\t\t\t\t\t\t\t\t\t<a class=\"tribe-events-gmap\" href=\"https:\/\/maps.google.com\/maps?f=q&#038;source=s_q&#038;hl=en&#038;geocode=&#038;q=Lus%C5%82awice+250+Lus%C5%82awice+32-840+Poland\" title=\"Kliknij, aby zobaczy\u0107 map\u0119 Google\" target=\"_blank\" rel=\"noreferrer noopener\">+ Mapa Google<\/a>\t\t\t\t\t\t\t<\/address>\n\t\t\n\t\t\n\t\t\t\t\t<span class=\"tribe-block__venue__website\"><a href=\"https:\/\/penderecki-center.pl\/\" target=\"_self\" rel=\"external\">Zobacz witryn\u0119 internetow\u0105 Miejsce<\/a><\/span><br \/>\n\t\t\t\n\t<\/div>\n\t\n<div class=\"tribe-block__venue__map\">\n\t\n<iframe\n  title=\"Ramka iframe Google Maps wy\u015bwietlaj\u0105ca adres Lus\u0142awice\"\n  aria-label=\"Mapa lokalizacji miejsca\"\n  width=\"310px\"\n  height=\"256px\"\n  frameborder=\"0\" style=\"border:0\"\n  src=\"https:\/\/www.google.com\/maps\/embed\/v1\/place?key=AIzaSyDNsicAsP6-VuGtAb1O9riI3oc_NOb7IOU&#038;q=Lus%C5%82awice+250+Lus%C5%82awice+32-840+Poland+&#038;zoom=10\" allowfullscreen>\n<\/iframe>\n<\/div>\n\n\t<\/div>\n","protected":false},"excerpt":{"rendered":"<p>Festiwal Duettissimo &#8211; Koncert Inauguracyjny<\/p>\n","protected":false},"author":1,"featured_media":0,"template":"","meta":{"ngg_post_thumbnail":0,"pgc_sgb_lightbox_settings":"","_price":"","_stock":"","_tribe_ticket_header":"","_tribe_default_ticket_provider":"","_tribe_ticket_capacity":"0","_ticket_start_date":"","_ticket_end_date":"","_tribe_ticket_show_description":"","_tribe_ticket_show_not_going":false,"_tribe_ticket_use_global_stock":"","_tribe_ticket_global_stock_level":"","_global_stock_mode":"","_global_stock_cap":"","_tribe_rsvp_for_event":"","_tribe_ticket_going_count":"","_tribe_ticket_not_going_count":"","_tribe_tickets_list":"[]","_tribe_ticket_has_attendee_info_fields":false,"_EventAllDay":true,"_EventTimezone":"Europe\/Warsaw","_EventStartDate":"2024-04-06 00:00:00","_EventEndDate":"2024-04-06 23:59:59","_EventStartDateUTC":"2024-04-05 22:00:00","_EventEndDateUTC":"2024-04-06 21:59:59","_EventShowMap":true,"_EventShowMapLink":true,"_EventURL":"","_EventCost":"","_EventCostDescription":"","_EventCurrencySymbol":"","_EventCurrencyCode":"","_EventCurrencyPosition":"prefix","_EventDateTimeSeparator":"","_EventTimeRangeSeparator":"","_EventOrganizerID":[],"_EventVenueID":[375],"_OrganizerEmail":"","_OrganizerPhone":"","_OrganizerWebsite":"","_VenueAddress":"","_VenueCity":"","_VenueCountry":"","_VenueProvince":"","_VenueState":"","_VenueZip":"","_VenuePhone":"","_VenueURL":"","_VenueStateProvince":"","_VenueLat":"","_VenueLng":"","_VenueShowMap":false,"_VenueShowMapLink":false,"jetpack_post_was_ever_published":false,"_tribe_events_status":"","_tribe_events_status_reason":"","footnotes":"","_tec_slr_enabled":"","_tec_slr_layout":""},"tags":[],"tribe_events_cat":[],"class_list":["post-33","tribe_events","type-tribe_events","status-publish","hentry"],"yoast_head":"<!-- This site is optimized with the Yoast SEO plugin v25.1 - https:\/\/yoast.com\/wordpress\/plugins\/seo\/ -->\n<title>Lus\u0142awice \/ PL | Europejskie Centrum Muzyki Krzysztofa Pendereckiego - ALEAMI<\/title>\n<meta name=\"description\" content=\"Koncerty Aleami Piano Duo\" \/>\n<meta name=\"robots\" content=\"index, follow, max-snippet:-1, max-image-preview:large, max-video-preview:-1\" \/>\n<link rel=\"canonical\" href=\"http:\/\/aleamipianoduo.com\/?tribe_events=luslawice-polska\" \/>\n<meta property=\"og:locale\" content=\"pl_PL\" \/>\n<meta property=\"og:type\" content=\"article\" \/>\n<meta property=\"og:title\" content=\"Lus\u0142awice \/ PL | Europejskie Centrum Muzyki Krzysztofa Pendereckiego - ALEAMI\" \/>\n<meta property=\"og:description\" content=\"Koncerty Aleami Piano Duo\" \/>\n<meta property=\"og:url\" content=\"http:\/\/aleamipianoduo.com\/?tribe_events=luslawice-polska\" \/>\n<meta property=\"og:site_name\" content=\"ALEAMI\" \/>\n<meta property=\"article:publisher\" content=\"https:\/\/www.facebook.com\/aleami.piano.duo\" \/>\n<meta property=\"article:modified_time\" content=\"2024-03-26T22:22:01+00:00\" \/>\n<meta property=\"og:image\" content=\"http:\/\/aleamipianoduo.com\/wp-content\/uploads\/2025\/03\/481024266_1028396862669559_8867958986337153049_n.jpeg\" \/>\n\t<meta property=\"og:image:width\" content=\"1804\" \/>\n\t<meta property=\"og:image:height\" content=\"1200\" \/>\n\t<meta property=\"og:image:type\" content=\"image\/jpeg\" \/>\n<meta name=\"twitter:card\" content=\"summary_large_image\" \/>\n<script type=\"application\/ld+json\" class=\"yoast-schema-graph\">{\"@context\":\"https:\/\/schema.org\",\"@graph\":[{\"@type\":\"WebPage\",\"@id\":\"http:\/\/aleamipianoduo.com\/?tribe_events=luslawice-polska\",\"url\":\"http:\/\/aleamipianoduo.com\/?tribe_events=luslawice-polska\",\"name\":\"Lus\u0142awice \/ PL | Europejskie Centrum Muzyki Krzysztofa Pendereckiego - ALEAMI\",\"isPartOf\":{\"@id\":\"http:\/\/aleamipianoduo.com\/#website\"},\"datePublished\":\"2023-12-06T16:37:04+00:00\",\"dateModified\":\"2024-03-26T22:22:01+00:00\",\"description\":\"Koncerty Aleami Piano Duo\",\"breadcrumb\":{\"@id\":\"http:\/\/aleamipianoduo.com\/?tribe_events=luslawice-polska#breadcrumb\"},\"inLanguage\":\"pl-PL\",\"potentialAction\":[{\"@type\":\"ReadAction\",\"target\":[\"http:\/\/aleamipianoduo.com\/?tribe_events=luslawice-polska\"]}]},{\"@type\":\"BreadcrumbList\",\"@id\":\"http:\/\/aleamipianoduo.com\/?tribe_events=luslawice-polska#breadcrumb\",\"itemListElement\":[{\"@type\":\"ListItem\",\"position\":1,\"name\":\"Strona g\u0142\u00f3wna\",\"item\":\"https:\/\/aleamipianoduo.com\/\"},{\"@type\":\"ListItem\",\"position\":2,\"name\":\"Wydarzenia\",\"item\":\"http:\/\/aleamipianoduo.com\/?post_type=tribe_events\"},{\"@type\":\"ListItem\",\"position\":3,\"name\":\"Lus\u0142awice \/ PL | Europejskie Centrum Muzyki Krzysztofa Pendereckiego\"}]},{\"@type\":\"WebSite\",\"@id\":\"http:\/\/aleamipianoduo.com\/#website\",\"url\":\"http:\/\/aleamipianoduo.com\/\",\"name\":\"ALEAMI Piano Duo\",\"description\":\"Piano Duo\",\"publisher\":{\"@id\":\"http:\/\/aleamipianoduo.com\/#organization\"},\"alternateName\":\"Aleami\",\"potentialAction\":[{\"@type\":\"SearchAction\",\"target\":{\"@type\":\"EntryPoint\",\"urlTemplate\":\"http:\/\/aleamipianoduo.com\/?s={search_term_string}\"},\"query-input\":{\"@type\":\"PropertyValueSpecification\",\"valueRequired\":true,\"valueName\":\"search_term_string\"}}],\"inLanguage\":\"pl-PL\"},{\"@type\":\"Organization\",\"@id\":\"http:\/\/aleamipianoduo.com\/#organization\",\"name\":\"ALEAMI Piano Duo\",\"url\":\"http:\/\/aleamipianoduo.com\/\",\"logo\":{\"@type\":\"ImageObject\",\"inLanguage\":\"pl-PL\",\"@id\":\"http:\/\/aleamipianoduo.com\/#\/schema\/logo\/image\/\",\"url\":\"https:\/\/aleamipianoduo.com\/wp-content\/uploads\/2023\/12\/img_0437-e1680985938674-1.webp\",\"contentUrl\":\"https:\/\/aleamipianoduo.com\/wp-content\/uploads\/2023\/12\/img_0437-e1680985938674-1.webp\",\"width\":500,\"height\":339,\"caption\":\"ALEAMI Piano Duo\"},\"image\":{\"@id\":\"http:\/\/aleamipianoduo.com\/#\/schema\/logo\/image\/\"},\"sameAs\":[\"https:\/\/www.facebook.com\/aleami.piano.duo\",\"https:\/\/www.youtube.com\/@aleamipianoduo\",\"https:\/\/www.instagram.com\/aleamipianoduo\/\"]}]}<\/script>\n<!-- \/ Yoast SEO plugin. -->","yoast_head_json":{"title":"Lus\u0142awice \/ PL | Europejskie Centrum Muzyki Krzysztofa Pendereckiego - ALEAMI","description":"Koncerty Aleami Piano Duo","robots":{"index":"index","follow":"follow","max-snippet":"max-snippet:-1","max-image-preview":"max-image-preview:large","max-video-preview":"max-video-preview:-1"},"canonical":"http:\/\/aleamipianoduo.com\/?tribe_events=luslawice-polska","og_locale":"pl_PL","og_type":"article","og_title":"Lus\u0142awice \/ PL | Europejskie Centrum Muzyki Krzysztofa Pendereckiego - ALEAMI","og_description":"Koncerty Aleami Piano Duo","og_url":"http:\/\/aleamipianoduo.com\/?tribe_events=luslawice-polska","og_site_name":"ALEAMI","article_publisher":"https:\/\/www.facebook.com\/aleami.piano.duo","article_modified_time":"2024-03-26T22:22:01+00:00","og_image":[{"width":1804,"height":1200,"url":"http:\/\/aleamipianoduo.com\/wp-content\/uploads\/2025\/03\/481024266_1028396862669559_8867958986337153049_n.jpeg","type":"image\/jpeg"}],"twitter_card":"summary_large_image","schema":{"@context":"https:\/\/schema.org","@graph":[{"@type":"WebPage","@id":"http:\/\/aleamipianoduo.com\/?tribe_events=luslawice-polska","url":"http:\/\/aleamipianoduo.com\/?tribe_events=luslawice-polska","name":"Lus\u0142awice \/ PL | Europejskie Centrum Muzyki Krzysztofa Pendereckiego - ALEAMI","isPartOf":{"@id":"http:\/\/aleamipianoduo.com\/#website"},"datePublished":"2023-12-06T16:37:04+00:00","dateModified":"2024-03-26T22:22:01+00:00","description":"Koncerty Aleami Piano Duo","breadcrumb":{"@id":"http:\/\/aleamipianoduo.com\/?tribe_events=luslawice-polska#breadcrumb"},"inLanguage":"pl-PL","potentialAction":[{"@type":"ReadAction","target":["http:\/\/aleamipianoduo.com\/?tribe_events=luslawice-polska"]}]},{"@type":"BreadcrumbList","@id":"http:\/\/aleamipianoduo.com\/?tribe_events=luslawice-polska#breadcrumb","itemListElement":[{"@type":"ListItem","position":1,"name":"Strona g\u0142\u00f3wna","item":"https:\/\/aleamipianoduo.com\/"},{"@type":"ListItem","position":2,"name":"Wydarzenia","item":"http:\/\/aleamipianoduo.com\/?post_type=tribe_events"},{"@type":"ListItem","position":3,"name":"Lus\u0142awice \/ PL | Europejskie Centrum Muzyki Krzysztofa Pendereckiego"}]},{"@type":"WebSite","@id":"http:\/\/aleamipianoduo.com\/#website","url":"http:\/\/aleamipianoduo.com\/","name":"ALEAMI Piano Duo","description":"Piano Duo","publisher":{"@id":"http:\/\/aleamipianoduo.com\/#organization"},"alternateName":"Aleami","potentialAction":[{"@type":"SearchAction","target":{"@type":"EntryPoint","urlTemplate":"http:\/\/aleamipianoduo.com\/?s={search_term_string}"},"query-input":{"@type":"PropertyValueSpecification","valueRequired":true,"valueName":"search_term_string"}}],"inLanguage":"pl-PL"},{"@type":"Organization","@id":"http:\/\/aleamipianoduo.com\/#organization","name":"ALEAMI Piano Duo","url":"http:\/\/aleamipianoduo.com\/","logo":{"@type":"ImageObject","inLanguage":"pl-PL","@id":"http:\/\/aleamipianoduo.com\/#\/schema\/logo\/image\/","url":"https:\/\/aleamipianoduo.com\/wp-content\/uploads\/2023\/12\/img_0437-e1680985938674-1.webp","contentUrl":"https:\/\/aleamipianoduo.com\/wp-content\/uploads\/2023\/12\/img_0437-e1680985938674-1.webp","width":500,"height":339,"caption":"ALEAMI Piano Duo"},"image":{"@id":"http:\/\/aleamipianoduo.com\/#\/schema\/logo\/image\/"},"sameAs":["https:\/\/www.facebook.com\/aleami.piano.duo","https:\/\/www.youtube.com\/@aleamipianoduo","https:\/\/www.instagram.com\/aleamipianoduo\/"]}]}},"jetpack_sharing_enabled":true,"ticketed":false,"_links":{"self":[{"href":"http:\/\/aleamipianoduo.com\/index.php?rest_route=\/wp\/v2\/tribe_events\/33","targetHints":{"allow":["GET"]}}],"collection":[{"href":"http:\/\/aleamipianoduo.com\/index.php?rest_route=\/wp\/v2\/tribe_events"}],"about":[{"href":"http:\/\/aleamipianoduo.com\/index.php?rest_route=\/wp\/v2\/types\/tribe_events"}],"author":[{"embeddable":true,"href":"http:\/\/aleamipianoduo.com\/index.php?rest_route=\/wp\/v2\/users\/1"}],"version-history":[{"count":7,"href":"http:\/\/aleamipianoduo.com\/index.php?rest_route=\/wp\/v2\/tribe_events\/33\/revisions"}],"predecessor-version":[{"id":396,"href":"http:\/\/aleamipianoduo.com\/index.php?rest_route=\/wp\/v2\/tribe_events\/33\/revisions\/396"}],"wp:attachment":[{"href":"http:\/\/aleamipianoduo.com\/index.php?rest_route=%2Fwp%2Fv2%2Fmedia&parent=33"}],"wp:term":[{"taxonomy":"post_tag","embeddable":true,"href":"http:\/\/aleamipianoduo.com\/index.php?rest_route=%2Fwp%2Fv2%2Ftags&post=33"},{"taxonomy":"tribe_events_cat","embeddable":true,"href":"http:\/\/aleamipianoduo.com\/index.php?rest_route=%2Fwp%2Fv2%2Ftribe_events_cat&post=33"}],"curies":[{"name":"wp","href":"https:\/\/api.w.org\/{rel}","templated":true}]}}